{"id":584,"date":"2019-07-18T08:56:53","date_gmt":"2019-07-18T08:56:53","guid":{"rendered":"https:\/\/honeysty.fi\/asiakasrekisterin-tietosuojaseloste"},"modified":"2019-08-21T07:30:54","modified_gmt":"2019-08-21T07:30:54","slug":"dataskyddbeskrivning-for-kundregister","status":"publish","type":"page","link":"https:\/\/honeysty.fi\/sv\/dataskyddbeskrivning-for-kundregister","title":{"rendered":"Dataskyddbeskrivning f\u00f6r kundregister"},"content":{"rendered":"[vc_row type=&#8221;in_container&#8221; full_screen_row_position=&#8221;middle&#8221; scene_position=&#8221;center&#8221; text_color=&#8221;dark&#8221; text_align=&#8221;left&#8221; overlay_strength=&#8221;0.3&#8243; shape_divider_position=&#8221;bottom&#8221; bg_image_animation=&#8221;none&#8221;][vc_column column_padding=&#8221;padding-7-percent&#8221; column_padding_position=&#8221;top-bottom&#8221; background_color_opacity=&#8221;1&#8243; background_hover_color_opacity=&#8221;1&#8243; column_link_target=&#8221;_self&#8221; column_shadow=&#8221;none&#8221; column_border_radius=&#8221;none&#8221; width=&#8221;1\/1&#8243; tablet_width_inherit=&#8221;default&#8221; tablet_text_alignment=&#8221;default&#8221; phone_text_alignment=&#8221;default&#8221; column_border_width=&#8221;none&#8221; column_border_style=&#8221;solid&#8221; bg_image_animation=&#8221;none&#8221;][vc_custom_heading text=&#8221;Dataskyddbeskrivning f\u00f6r kundregister&#8221; font_container=&#8221;tag:h1|text_align:left&#8221; use_theme_fonts=&#8221;yes&#8221;][divider line_type=&#8221;Full Width Line&#8221; line_thickness=&#8221;1&#8243; divider_color=&#8221;default&#8221; animate=&#8221;yes&#8221; custom_height=&#8221;30&#8243;][vc_column_text]<strong>1. PERSONUPPGIFTSANSVARIG<\/strong><br \/>\nPersonuppgiftsansvarig f\u00f6r registret \u00e4r Hunajayhtym\u00e4 Oy (FO-nummer 0204045-2).<\/p>\n<p>Kontaktperson i register\u00e4renden:<br \/>\nAapo Savo, verkst\u00e4llande direkt\u00f6r<\/p>\n<p>Hunajayhtym\u00e4 Oy<br \/>\nAdress: Kojonper\u00e4ntie 13, 32250 Kojonkulma<br \/>\nTfn: 0207 769 680<br \/>\nE-post: <a href=\"mailto:hunaja@hunaja.fi\">hunaja@hunaja.fi<\/a><\/p>\n<p><strong>2. REGISTRETS NAMN<\/strong><br \/>\nRegistrets namn \u00e4r Hunajayhtym\u00e4 Oy:s kundregister.<\/p>\n<p><strong>3. \u00c4NDAM\u00c5LET MED BEHANDLING AV PERSONUPPGIFTER<\/strong><br \/>\nPersonuppgifterna behandlas f\u00f6r \u00e4ndam\u00e5l i anslutning till sk\u00f6tsel, administration och utveckling av kundrelationen, erbjudande, f\u00f6rs\u00e4ljning och leverans av produkter och tillbeh\u00f6r, utveckling av produkter och tillbeh\u00f6r samt fakturering. Personuppgifter behandlas \u00e4ven f\u00f6r \u00e4ndam\u00e5l som f\u00f6ruts\u00e4tts f\u00f6r att klarg\u00f6ra eventuella reklamationer och andra yrkanden.<\/p>\n<p>Dessutom behandlas personuppgifter i kommunikation till kunderna i informations-, nyhets- och marknadsf\u00f6ringssyfte. Som en del av detta behandlas personuppgifter \u00e4ven i syften f\u00f6r direktmarknadsf\u00f6ring och elektronisk direktmarknadsf\u00f6ring.<\/p>\n<p>Kunden har r\u00e4tt att f\u00f6rbjuda direktmarknadsf\u00f6ring till sig sj\u00e4lv.<\/p>\n<p>Den personuppgiftsansvarige behandlar uppgifterna sj\u00e4lv samt anlitar vid behandlingen av personuppgifter underleverant\u00f6rer som verkar f\u00f6r den personuppgiftsansvarige och f\u00f6r dennes r\u00e4kning.<\/p>\n<p><strong>4. R\u00c4TTSLIG GRUND F\u00d6R BEHANDLING<\/strong><br \/>\nR\u00e4ttsliga grunder f\u00f6r behandlingen av personuppgifter \u00e4r f\u00f6ljande grunder enligt EU:s allm\u00e4nna dataskyddsf\u00f6rordning (h\u00e4refter \u00e4ven \u201dGDPR\u201d):<\/p>\n<ul>\n<li>den registrerade har l\u00e4mnat sitt samtycke till att dennes personuppgifter behandlas f\u00f6r ett eller flera specifika \u00e4ndam\u00e5l (GDPR 6.1 a)<\/li>\n<li>behandlingen \u00e4r n\u00f6dv\u00e4ndig f\u00f6r att fullg\u00f6ra ett avtal i vilket den registrerade \u00e4r part eller f\u00f6r att vidta \u00e5tg\u00e4rder p\u00e5 beg\u00e4ran av den registrerade innan ett s\u00e5dant avtal ing\u00e5s (GDPR 6.1 b)<\/li>\n<li>behandlingen \u00e4r n\u00f6dv\u00e4ndig f\u00f6r att tillgodose den personuppgiftsansvariges eller en tredje parts ber\u00e4ttigade intresse (GDPR 6.1 f).<\/li>\n<\/ul>\n<p>Den personuppgiftsansvariges ber\u00e4ttigade intresse som n\u00e4mns ovan grundar sig p\u00e5 ett relevant och l\u00e4mpligt f\u00f6rh\u00e5llande mellan den registrerade och den personuppgiftsansvarige som \u00e4r en f\u00f6ljd av att den registrerade \u00e4r kund hos den personuppgiftsansvarige och d\u00e5 behandlingen sker f\u00f6r \u00e4ndam\u00e5l som den registrerade rimligen kunde f\u00f6rv\u00e4nta sig vid den tidpunkt personuppgifterna samlades in och i samband med ett relevant f\u00f6rh\u00e5llande.<\/p>\n<p><strong>5. REGISTRETS DATAINNEH\u00c5LL (PERSONUPPGIFTSKATEGORIER SOM BEHANDLAS)<\/strong><br \/>\nRegistret inneh\u00e5ller i princip f\u00f6ljande personuppgifter om alla registrerade personer:<\/p>\n<ul>\n<li>basuppgifter och kontaktuppgifter: f\u00f6rnamn, efternamn, adress, telefonnummer, e-postadress<\/li>\n<li>uppgifter som ansluter till personens f\u00f6retag eller organisation och personen st\u00e4llning eller befattning i f\u00f6retaget eller organisationen i fr\u00e5ga.<\/li>\n<\/ul>\n<p><strong>6. REGELM\u00c4SSIGA UPPGIFTSK\u00c4LLOR<\/strong><br \/>\nPersonuppgifterna samlas in fr\u00e5n den registrerade personen sj\u00e4lv.<\/p>\n<p>Personuppgifter samlas in och uppdateras \u00e4ven inom ramen f\u00f6r till\u00e4mplig lagstiftning fr\u00e5n k\u00e4llor som \u00e4r allm\u00e4nt tillg\u00e4ngliga och som ansluter till kundrelationen mellan den personuppgiftsansvarige och den registrerade och med vilka den personuppgiftsansvarige fullf\u00f6ljer sina skyldigheter f\u00f6r att uppr\u00e4tth\u00e5lla kundrelationen.<\/p>\n<p><strong>7. PERSONUPPGIFTERNAS LAGRINGSTID<\/strong><br \/>\nDe uppgifter som samlats i registret sparas endast s\u00e5 l\u00e4nge och i den omfattning som det \u00e4r n\u00f6dv\u00e4ndigt med tanke p\u00e5 de ursprungliga eller d\u00e4rmed f\u00f6renliga \u00e4ndam\u00e5l f\u00f6r vilka personuppgifterna har samlats in.<\/p>\n<p>Behovet av att lagra personuppgifterna bed\u00f6ms vart tredje \u00e5r, och i varje fall raderas uppgifterna om en person i registret sex \u00e5r efter att den registrerades kundrelation till den personuppgiftsansvarige har upph\u00f6rt och skyldigheterna och \u00e5tg\u00e4rderna i anslutning till kundrelation har fullf\u00f6ljts.<\/p>\n<p>Den personuppgiftsansvarige bed\u00f6mer behovet av att lagra uppgifterna regelbundet utifr\u00e5n interna praxisregler. Dessutom vidtar den personuppgiftsansvarige alla rimliga \u00e5tg\u00e4rder f\u00f6r att s\u00e4kerst\u00e4lla att personuppgifter som \u00e4r inexakta, felaktiga eller f\u00f6r\u00e5ldrade i f\u00f6rh\u00e5llande till de \u00e4ndam\u00e5l f\u00f6r vilka de behandlas raderas eller r\u00e4ttas utan dr\u00f6jsm\u00e5l.<\/p>\n<p><strong>8. MOTTAGARE AV PERSONUPPGIFTER (KATEGORIER AV MOTTAGARE) SAMT REGELM\u00c4SSIGT UTL\u00c4MNANDE AV UPPGFTER<\/strong><br \/>\nPersonuppgifter \u00f6verl\u00e5ts inte externt.<\/p>\n<p><strong>9. \u00d6VERF\u00d6RING AV INFORMATION UTANF\u00d6R EU ELLER EES<\/strong><br \/>\nPersonuppgifter i registret \u00f6verf\u00f6rs inte utanf\u00f6r EU eller EES.<\/p>\n<p><strong>10. PRINCIPER F\u00d6R SKYDD AV REGISTRET<\/strong><br \/>\nMaterial som inneh\u00e5ller personuppgifter f\u00f6rvaras i l\u00e5sta utrymmen till vilka endast namngivna personer och p\u00e5 grund av sina uppgifter befullm\u00e4ktigade personer har tilltr\u00e4de.<\/p>\n<p>Databasen med personuppgifter finns p\u00e5 en server som f\u00f6rvaras i ett l\u00e5st utrymme till vilket endast namngivna och p\u00e5 grund av sina uppgifter befullm\u00e4ktigade personer har tilltr\u00e4de.<\/p>\n<p>Servern \u00e4r skyddad med en adekvat brandv\u00e4gg och tekniskt skydd.<\/p>\n<p>Tilltr\u00e4de till databaserna och systemen ges endast med personliga anv\u00e4ndarnamn och l\u00f6senord som beviljas separat. Den personuppgiftsansvarige har begr\u00e4nsat anv\u00e4ndarr\u00e4ttigheterna och anv\u00e4ndarbeh\u00f6righeterna till datasystemen och andra lagringsplattformar s\u00e5 att endast de personer som \u00e4r n\u00f6dv\u00e4ndiga f\u00f6r lagenlig behandling kan granska och behandla uppgifterna.<\/p>\n<p>Dessutom registreras anv\u00e4ndningen av databaserna och systemen i logguppgifterna i den personuppgiftsansvariges IT-system.<\/p>\n<p>Den personuppgiftsansvariges anst\u00e4llda och andra personer som behandlar personuppgifter har f\u00f6rbundit sig till tystnadsplikt och att hemligh\u00e5lla de uppgifter de f\u00e5r i samband med behandlingen av personuppgifter.<\/p>\n<p><strong>11. DEN REGISTRERADES R\u00c4TTIGHETER<br \/>\n<\/strong>Den registrerade har f\u00f6ljande r\u00e4ttigheter med st\u00f6d av EU:s allm\u00e4nna dataskyddsf\u00f6rordning:<\/p>\n<ul>\n<li>r\u00e4tt att f\u00e5 bekr\u00e4ftelse av den personuppgiftsansvarige att hans\/hennes personuppgifter behandlas eller att de inte behandlas, och om dessa personuppgifter behandlas, r\u00e4tt att f\u00e5 tillg\u00e5ng till personuppgifterna samt f\u00f6ljande uppgifter: (i) \u00e4ndam\u00e5len med behandlingen, (ii) de kategorier av personuppgifter som behandlingen g\u00e4ller, (iii) de mottagare eller kategorier av mottagare till vilka personuppgifterna har l\u00e4mnats eller ska l\u00e4mnas ut, (iv) om m\u00f6jligt, de kriterier som anv\u00e4nds f\u00f6r att fastst\u00e4lla denna period, (v) den registrerades r\u00e4tt att av den personuppgiftsansvarige beg\u00e4ra r\u00e4ttelse eller rading av personuppgifterna eller begr\u00e4nsning av behandlingen den f\u00f6rutsedda period under vilken personuppgifterna kommer att lagras eller om av personuppgifter som r\u00f6r den registrerade eller att inv\u00e4nda mot s\u00e5dan behandling, (vi) r\u00e4tten att inge klagom\u00e5l till en tillsynsmyndighet, (vii) om personuppgifterna inte samlas in fr\u00e5n den registrerade, all tillg\u00e4nglig information om varifr\u00e5n dessa uppgifter kommer (GDPR artikel 15). Dessa h\u00e4r beskrivna basuppgifter (i)\u2013(vii) ges till den registrerade p\u00e5 denna blankett.<\/li>\n<li>r\u00e4tt att \u00e5terkalla samtycket n\u00e4r som helst utan att det p\u00e5verkar lagenligheten av den behandling som grundar sig p\u00e5 samtycke, innan detta \u00e5terkallats (GDPR artikel 7)<\/li>\n<li>r\u00e4tt att kr\u00e4va att den personuppgiftsansvarige utan on\u00f6digt dr\u00f6jsm\u00e5l r\u00e4ttar felaktiga uppgifter som r\u00f6r den registrerade samt r\u00e4tt att f\u00e5 ofullst\u00e4ndiga personuppgifter kompletterade, bland annat genom att tillhandah\u00e5lla ett kompletterande utl\u00e5tande med beaktande av \u00e4ndam\u00e5let med behandlingen (GDPR artikel 16)<\/li>\n<li>r\u00e4tt att av den personuppgiftsansvarige f\u00e5 sina personuppgifter raderade utan on\u00f6digt dr\u00f6jsm\u00e5l f\u00f6rutsatt att (i) personuppgifterna inte l\u00e4ngre \u00e4r n\u00f6dv\u00e4ndiga f\u00f6r de \u00e4ndam\u00e5l f\u00f6r vilka de samlats in eller p\u00e5 annat s\u00e4tt behandlats, (ii) den registrerade \u00e5terkallar det samtycke p\u00e5 vilken behandlingen grundar sig och inte n\u00e5gon annan r\u00e4ttslig grund finns f\u00f6r behandlingen, (iii) den registrerade inv\u00e4nder mot behandlingen utifr\u00e5n en personlig specifik situation och det saknas ber\u00e4ttigade sk\u00e4l f\u00f6r behandlingen som v\u00e4ger tyngre eller den registrerade inv\u00e4nder mot behandling i syfte f\u00f6r direktmarknadsf\u00f6ring, (iv) personuppgifterna har behandlats p\u00e5 olagligt s\u00e4tt, eller (v) personuppgifterna m\u00e5ste raderas f\u00f6r att uppfylla en r\u00e4ttslig f\u00f6rpliktelse i unionsr\u00e4tten eller i nationell r\u00e4tt som denpersonuppgiftsansvarige omfattas av (GDPR artikel 17),<\/li>\n<li>r\u00e4tt till att den personuppgiftsansvarige begr\u00e4nsar behandlingen om (i) den registrerade bestrider personuppgifternas korrekthet, under en tid som ger den personuppgiftsansvarige m\u00f6jlighet att kontrollera om personuppgifterna \u00e4r korrekta, (ii) behandlingen \u00e4r olaglig och den registrerade mots\u00e4tter sig att personuppgifterna raderas och i st\u00e4llet beg\u00e4r en begr\u00e4nsning av deras anv\u00e4ndning, (iii) den personuppgiftsansvarige beh\u00f6ver inte l\u00e4ngre personuppgifterna f\u00f6r \u00e4ndam\u00e5len med behandlingen men den registrerade beh\u00f6ver dem f\u00f6r att kunna fastst\u00e4lla, g\u00f6ra g\u00e4llande eller f\u00f6rsvara r\u00e4ttsliga anspr\u00e5k, eller (iv) den registrerade har inv\u00e4nt mot behandling utifr\u00e5n en personlig specifik situation i v\u00e4ntan p\u00e5 kontroll av huruvida den personuppgiftsansvariges ber\u00e4ttigade sk\u00e4l v\u00e4ger tyngre \u00e4n den registrerades ber\u00e4ttigade sk\u00e4l (GDPR artikel 18)<\/li>\n<li>r\u00e4tt att f\u00e5 ut de personuppgifter som r\u00f6r honom eller henne sj\u00e4lv som den registrerade har tillhandah\u00e5llit den personuppgiftsansvarige i ett strukturerat, allm\u00e4nt anv\u00e4nt och maskinl\u00e4sbart format och r\u00e4tt att \u00f6verf\u00f6ra dessa uppgifter till en annan personuppgiftsansvarig utan att den personuppgiftsansvarige som tillhandah\u00e5llits personuppgifterna hindrar detta, om behandlingen grundar sig p\u00e5 s\u00e5dant samtycke som avses i f\u00f6rordningen och behandlingen sker automatiskt (GDPR artikel 20)<\/li>\n<li>r\u00e4tt att l\u00e4mna in klagom\u00e5l till en tillsynsmyndighet, om den registrerade anser att behandlingen av hans eller hennes personuppgifter strider mot EU:s allm\u00e4nna dataskyddsf\u00f6rordning (GDPR artikel 77).<\/li>\n<\/ul>\n<p>Den registrerades beg\u00e4ran om att ut\u00f6va sina r\u00e4ttigheter ska riktas till den personuppgiftsansvariges kontaktperson som n\u00e4mns i punkt 1.[\/vc_column_text][\/vc_column][\/vc_row]\n","protected":false},"excerpt":{"rendered":"<p>[vc_row type=&#8221;in_container&#8221; full_screen_row_position=&#8221;middle&#8221; scene_position=&#8221;center&#8221; text_color=&#8221;dark&#8221; text_align=&#8221;left&#8221; overlay_strength=&#8221;0.3&#8243; shape_divider_position=&#8221;bottom&#8221; bg_image_animation=&#8221;none&#8221;][vc_column column_padding=&#8221;padding-7-percent&#8221; column_padding_position=&#8221;top-bottom&#8221; background_color_opacity=&#8221;1&#8243; background_hover_color_opacity=&#8221;1&#8243; column_link_target=&#8221;_self&#8221; column_shadow=&#8221;none&#8221; column_border_radius=&#8221;none&#8221; width=&#8221;1\/1&#8243; tablet_width_inherit=&#8221;default&#8221; tablet_text_alignment=&#8221;default&#8221; phone_text_alignment=&#8221;default&#8221; column_border_width=&#8221;none&#8221; column_border_style=&#8221;solid&#8221; bg_image_animation=&#8221;none&#8221;][vc_custom_heading text=&#8221;Dataskyddbeskrivning f\u00f6r kundregister&#8221; font_container=&#8221;tag:h1|text_align:left&#8221; use_theme_fonts=&#8221;yes&#8221;][divider line_type=&#8221;Full Width&#8230;<\/p>\n","protected":false},"author":1,"featured_media":0,"parent":0,"menu_order":0,"comment_status":"closed","ping_status":"closed","template":"","meta":{"footnotes":""},"class_list":["post-584","page","type-page","status-publish"],"yoast_head":"<!-- This site is optimized with the Yoast SEO plugin v27.4 - https:\/\/yoast.com\/product\/yoast-seo-wordpress\/ -->\n<title>Dataskyddbeskrivning f\u00f6r kundregister - Honeysty Energy Gel<\/title>\n<meta name=\"robots\" content=\"index, follow, max-snippet:-1, max-image-preview:large, max-video-preview:-1\" \/>\n<link rel=\"canonical\" href=\"https:\/\/honeysty.fi\/sv\/dataskyddbeskrivning-for-kundregister\" \/>\n<meta property=\"og:locale\" content=\"sv_SE\" \/>\n<meta property=\"og:type\" content=\"article\" \/>\n<meta property=\"og:title\" content=\"Dataskyddbeskrivning f\u00f6r kundregister - Honeysty Energy Gel\" \/>\n<meta property=\"og:description\" content=\"[vc_row type=&#8221;in_container&#8221; full_screen_row_position=&#8221;middle&#8221; scene_position=&#8221;center&#8221; text_color=&#8221;dark&#8221; text_align=&#8221;left&#8221; overlay_strength=&#8221;0.3&#8243; shape_divider_position=&#8221;bottom&#8221; bg_image_animation=&#8221;none&#8221;][vc_column column_padding=&#8221;padding-7-percent&#8221; column_padding_position=&#8221;top-bottom&#8221; background_color_opacity=&#8221;1&#8243; background_hover_color_opacity=&#8221;1&#8243; column_link_target=&#8221;_self&#8221; column_shadow=&#8221;none&#8221; column_border_radius=&#8221;none&#8221; width=&#8221;1\/1&#8243; tablet_width_inherit=&#8221;default&#8221; tablet_text_alignment=&#8221;default&#8221; phone_text_alignment=&#8221;default&#8221; column_border_width=&#8221;none&#8221; column_border_style=&#8221;solid&#8221; bg_image_animation=&#8221;none&#8221;][vc_custom_heading text=&#8221;Dataskyddbeskrivning f\u00f6r kundregister&#8221; font_container=&#8221;tag:h1|text_align:left&#8221; use_theme_fonts=&#8221;yes&#8221;][divider line_type=&#8221;Full Width...\" \/>\n<meta property=\"og:url\" content=\"https:\/\/honeysty.fi\/sv\/dataskyddbeskrivning-for-kundregister\" \/>\n<meta property=\"og:site_name\" content=\"Honeysty Energy Gel\" \/>\n<meta property=\"article:modified_time\" content=\"2019-08-21T07:30:54+00:00\" \/>\n<meta name=\"twitter:card\" content=\"summary_large_image\" \/>\n<script type=\"application\/ld+json\" class=\"yoast-schema-graph\">{\"@context\":\"https:\\\/\\\/schema.org\",\"@graph\":[{\"@type\":\"WebPage\",\"@id\":\"https:\\\/\\\/honeysty.fi\\\/sv\\\/dataskyddbeskrivning-for-kundregister\",\"url\":\"https:\\\/\\\/honeysty.fi\\\/sv\\\/dataskyddbeskrivning-for-kundregister\",\"name\":\"Dataskyddbeskrivning f\u00f6r kundregister - Honeysty Energy Gel\",\"isPartOf\":{\"@id\":\"https:\\\/\\\/honeysty.fi\\\/#website\"},\"datePublished\":\"2019-07-18T08:56:53+00:00\",\"dateModified\":\"2019-08-21T07:30:54+00:00\",\"breadcrumb\":{\"@id\":\"https:\\\/\\\/honeysty.fi\\\/sv\\\/dataskyddbeskrivning-for-kundregister#breadcrumb\"},\"inLanguage\":\"sv-SE\",\"potentialAction\":[{\"@type\":\"ReadAction\",\"target\":[\"https:\\\/\\\/honeysty.fi\\\/sv\\\/dataskyddbeskrivning-for-kundregister\"]}]},{\"@type\":\"BreadcrumbList\",\"@id\":\"https:\\\/\\\/honeysty.fi\\\/sv\\\/dataskyddbeskrivning-for-kundregister#breadcrumb\",\"itemListElement\":[{\"@type\":\"ListItem\",\"position\":1,\"name\":\"Etusivu\",\"item\":\"https:\\\/\\\/honeysty.fi\\\/sv\"},{\"@type\":\"ListItem\",\"position\":2,\"name\":\"Dataskyddbeskrivning f\u00f6r kundregister\"}]},{\"@type\":\"WebSite\",\"@id\":\"https:\\\/\\\/honeysty.fi\\\/#website\",\"url\":\"https:\\\/\\\/honeysty.fi\\\/\",\"name\":\"Honeysty Energy Gel\",\"description\":\"Natural Energy Gel\",\"potentialAction\":[{\"@type\":\"SearchAction\",\"target\":{\"@type\":\"EntryPoint\",\"urlTemplate\":\"https:\\\/\\\/honeysty.fi\\\/?s={search_term_string}\"},\"query-input\":{\"@type\":\"PropertyValueSpecification\",\"valueRequired\":true,\"valueName\":\"search_term_string\"}}],\"inLanguage\":\"sv-SE\"}]}<\/script>\n<!-- \/ Yoast SEO plugin. -->","yoast_head_json":{"title":"Dataskyddbeskrivning f\u00f6r kundregister - Honeysty Energy Gel","robots":{"index":"index","follow":"follow","max-snippet":"max-snippet:-1","max-image-preview":"max-image-preview:large","max-video-preview":"max-video-preview:-1"},"canonical":"https:\/\/honeysty.fi\/sv\/dataskyddbeskrivning-for-kundregister","og_locale":"sv_SE","og_type":"article","og_title":"Dataskyddbeskrivning f\u00f6r kundregister - Honeysty Energy Gel","og_description":"[vc_row type=&#8221;in_container&#8221; full_screen_row_position=&#8221;middle&#8221; scene_position=&#8221;center&#8221; text_color=&#8221;dark&#8221; text_align=&#8221;left&#8221; overlay_strength=&#8221;0.3&#8243; shape_divider_position=&#8221;bottom&#8221; bg_image_animation=&#8221;none&#8221;][vc_column column_padding=&#8221;padding-7-percent&#8221; column_padding_position=&#8221;top-bottom&#8221; background_color_opacity=&#8221;1&#8243; background_hover_color_opacity=&#8221;1&#8243; column_link_target=&#8221;_self&#8221; column_shadow=&#8221;none&#8221; column_border_radius=&#8221;none&#8221; width=&#8221;1\/1&#8243; tablet_width_inherit=&#8221;default&#8221; tablet_text_alignment=&#8221;default&#8221; phone_text_alignment=&#8221;default&#8221; column_border_width=&#8221;none&#8221; column_border_style=&#8221;solid&#8221; bg_image_animation=&#8221;none&#8221;][vc_custom_heading text=&#8221;Dataskyddbeskrivning f\u00f6r kundregister&#8221; font_container=&#8221;tag:h1|text_align:left&#8221; use_theme_fonts=&#8221;yes&#8221;][divider line_type=&#8221;Full Width...","og_url":"https:\/\/honeysty.fi\/sv\/dataskyddbeskrivning-for-kundregister","og_site_name":"Honeysty Energy Gel","article_modified_time":"2019-08-21T07:30:54+00:00","twitter_card":"summary_large_image","schema":{"@context":"https:\/\/schema.org","@graph":[{"@type":"WebPage","@id":"https:\/\/honeysty.fi\/sv\/dataskyddbeskrivning-for-kundregister","url":"https:\/\/honeysty.fi\/sv\/dataskyddbeskrivning-for-kundregister","name":"Dataskyddbeskrivning f\u00f6r kundregister - Honeysty Energy Gel","isPartOf":{"@id":"https:\/\/honeysty.fi\/#website"},"datePublished":"2019-07-18T08:56:53+00:00","dateModified":"2019-08-21T07:30:54+00:00","breadcrumb":{"@id":"https:\/\/honeysty.fi\/sv\/dataskyddbeskrivning-for-kundregister#breadcrumb"},"inLanguage":"sv-SE","potentialAction":[{"@type":"ReadAction","target":["https:\/\/honeysty.fi\/sv\/dataskyddbeskrivning-for-kundregister"]}]},{"@type":"BreadcrumbList","@id":"https:\/\/honeysty.fi\/sv\/dataskyddbeskrivning-for-kundregister#breadcrumb","itemListElement":[{"@type":"ListItem","position":1,"name":"Etusivu","item":"https:\/\/honeysty.fi\/sv"},{"@type":"ListItem","position":2,"name":"Dataskyddbeskrivning f\u00f6r kundregister"}]},{"@type":"WebSite","@id":"https:\/\/honeysty.fi\/#website","url":"https:\/\/honeysty.fi\/","name":"Honeysty Energy Gel","description":"Natural Energy Gel","potentialAction":[{"@type":"SearchAction","target":{"@type":"EntryPoint","urlTemplate":"https:\/\/honeysty.fi\/?s={search_term_string}"},"query-input":{"@type":"PropertyValueSpecification","valueRequired":true,"valueName":"search_term_string"}}],"inLanguage":"sv-SE"}]}},"_links":{"self":[{"href":"https:\/\/honeysty.fi\/sv\/wp-json\/wp\/v2\/pages\/584","targetHints":{"allow":["GET"]}}],"collection":[{"href":"https:\/\/honeysty.fi\/sv\/wp-json\/wp\/v2\/pages"}],"about":[{"href":"https:\/\/honeysty.fi\/sv\/wp-json\/wp\/v2\/types\/page"}],"author":[{"embeddable":true,"href":"https:\/\/honeysty.fi\/sv\/wp-json\/wp\/v2\/users\/1"}],"replies":[{"embeddable":true,"href":"https:\/\/honeysty.fi\/sv\/wp-json\/wp\/v2\/comments?post=584"}],"version-history":[{"count":5,"href":"https:\/\/honeysty.fi\/sv\/wp-json\/wp\/v2\/pages\/584\/revisions"}],"predecessor-version":[{"id":650,"href":"https:\/\/honeysty.fi\/sv\/wp-json\/wp\/v2\/pages\/584\/revisions\/650"}],"wp:attachment":[{"href":"https:\/\/honeysty.fi\/sv\/wp-json\/wp\/v2\/media?parent=584"}],"curies":[{"name":"wp","href":"https:\/\/api.w.org\/{rel}","templated":true}]}}